{"id":300,"date":"2019-11-03T20:00:39","date_gmt":"2019-11-03T19:00:39","guid":{"rendered":"http:\/\/stephaniemedieux.com\/?post_type=project&#038;p=300"},"modified":"2019-11-20T19:07:37","modified_gmt":"2019-11-20T18:07:37","slug":"fete-de-la-violette","status":"publish","type":"project","link":"https:\/\/stephaniemedieux.com\/index.php\/project\/fete-de-la-violette\/","title":{"rendered":"F\u00eate de la violette"},"content":{"rendered":"<p>[et_pb_section fb_built=\u00a0\u00bb1&Prime; _builder_version=\u00a0\u00bb4.0.2&Prime; custom_margin=\u00a0\u00bb3px|||||\u00a0\u00bb custom_padding=\u00a0\u00bb2px|||||\u00a0\u00bb][et_pb_row disabled_on=\u00a0\u00bbon|off|off\u00a0\u00bb _builder_version=\u00a0\u00bb4.0.2&Prime; width=\u00a0\u00bb90.2%\u00a0\u00bb max_width=\u00a0\u00bb1940px\u00a0\u00bb max_height=\u00a0\u00bb947px\u00a0\u00bb custom_margin=\u00a0\u00bb2px|auto||80px||\u00a0\u00bb custom_padding=\u00a0\u00bb33px||14px|37px|false|false\u00a0\u00bb border_radii=\u00a0\u00bbon|1px|1px|1px|1px\u00a0\u00bb border_width_all=\u00a0\u00bb1px\u00a0\u00bb border_color_all=\u00a0\u00bbrgba(0,142,150,0.87)\u00a0\u00bb border_style_all=\u00a0\u00bbdotted\u00a0\u00bb][et_pb_column type=\u00a0\u00bb4_4&Prime; _builder_version=\u00a0\u00bb4.0.2&Prime;][et_pb_text _builder_version=\u00a0\u00bb4.0.2&Prime; text_font=\u00a0\u00bbArchivo||||||||\u00a0\u00bb text_text_color=\u00a0\u00bbrgba(0,142,150,0.87)\u00a0\u00bb text_font_size=\u00a0\u00bb25px\u00a0\u00bb text_letter_spacing=\u00a0\u00bb1px\u00a0\u00bb]<\/p>\n<p>Autres peintures<\/p>\n<p>[\/et_pb_text][\/et_pb_column][\/et_pb_row][et_pb_row column_structure=\u00a0\u00bb3_5,2_5&Prime; disabled_on=\u00a0\u00bbon|off|off\u00a0\u00bb _builder_version=\u00a0\u00bb4.0.2&Prime; custom_margin=\u00a0\u00bb|412px||80px||\u00a0\u00bb custom_padding=\u00a0\u00bb|34px||||\u00a0\u00bb][et_pb_column type=\u00a0\u00bb3_5&Prime; _builder_version=\u00a0\u00bb4.0.2&Prime;][et_pb_image src=\u00a0\u00bbhttp:\/\/stephaniemedieux.com\/wp-content\/uploads\/2019\/11\/F\u00eate-de-la-violette-1.jpg\u00a0\u00bb _builder_version=\u00a0\u00bb4.0.2&Prime; custom_margin=\u00a0\u00bb|-83px||||\u00a0\u00bb custom_padding=\u00a0\u00bb|0px||||\u00a0\u00bb][\/et_pb_image][\/et_pb_column][et_pb_column type=\u00a0\u00bb2_5&Prime; _builder_version=\u00a0\u00bb4.0.2&Prime;][et_pb_text _builder_version=\u00a0\u00bb4.0.2&Prime; text_font=\u00a0\u00bbArchivo||||||||\u00a0\u00bb text_font_size=\u00a0\u00bb31px\u00a0\u00bb custom_padding=\u00a0\u00bb9px||||false|false\u00a0\u00bb]<\/p>\n<p style=\"text-align: right;\">F\u00eate de la violette<\/p>\n<p>[\/et_pb_text][et_pb_text _builder_version=\u00a0\u00bb4.0.2&Prime; custom_margin=\u00a0\u00bb||31px|||\u00a0\u00bb custom_padding=\u00a0\u00bb||120px||false|false\u00a0\u00bb border_width_right=\u00a0\u00bb2px\u00a0\u00bb][\/et_pb_text][et_pb_text _builder_version=\u00a0\u00bb4.0.2&Prime; text_font=\u00a0\u00bbArchivo||||||||\u00a0\u00bb text_font_size=\u00a0\u00bb20px\u00a0\u00bb]<\/p>\n<p style=\"text-align: right;\">Acrylique sur toile<\/p>\n<p>[\/et_pb_text][et_pb_text _builder_version=\u00a0\u00bb4.0.2&Prime; text_font=\u00a0\u00bbArchivo||||||||\u00a0\u00bb text_font_size=\u00a0\u00bb20px\u00a0\u00bb]<\/p>\n<p style=\"text-align: right;\">Format 100 x 205 cm<\/p>\n<p>[\/et_pb_text][et_pb_text _builder_version=\u00a0\u00bb4.0.2&Prime; text_font=\u00a0\u00bbArchivo||||||||\u00a0\u00bb text_font_size=\u00a0\u00bb20px\u00a0\u00bb custom_padding=\u00a0\u00bb||0px|||\u00a0\u00bb]<\/p>\n<p style=\"text-align: right;\">Vendu<\/p>\n<p>[\/et_pb_text][\/et_pb_column][\/et_pb_row][et_pb_row disabled_on=\u00a0\u00bboff|on|on\u00a0\u00bb _builder_version=\u00a0\u00bb4.0.2&Prime; width=\u00a0\u00bb67.8%\u00a0\u00bb max_width=\u00a0\u00bb355px\u00a0\u00bb max_height=\u00a0\u00bb947px\u00a0\u00bb custom_margin=\u00a0\u00bb2px|auto||66px||\u00a0\u00bb custom_padding=\u00a0\u00bb10px||10px|18px|false|false\u00a0\u00bb border_radii=\u00a0\u00bbon|1px|1px|1px|1px\u00a0\u00bb border_width_all=\u00a0\u00bb1px\u00a0\u00bb border_color_all=\u00a0\u00bbrgba(0,142,150,0.87)\u00a0\u00bb border_style_all=\u00a0\u00bbdotted\u00a0\u00bb][et_pb_column type=\u00a0\u00bb4_4&Prime; _builder_version=\u00a0\u00bb4.0.2&Prime;][et_pb_text _builder_version=\u00a0\u00bb4.0.2&Prime; text_font=\u00a0\u00bbArchivo||||||||\u00a0\u00bb text_text_color=\u00a0\u00bbrgba(0,142,150,0.87)\u00a0\u00bb text_font_size=\u00a0\u00bb19px\u00a0\u00bb text_letter_spacing=\u00a0\u00bb1px\u00a0\u00bb width=\u00a0\u00bb68%\u00a0\u00bb max_width=\u00a0\u00bb100%\u00a0\u00bb module_alignment=\u00a0\u00bbleft\u00a0\u00bb]<\/p>\n<p>F\u00eate de la violette<\/p>\n<p>[\/et_pb_text][\/et_pb_column][\/et_pb_row][et_pb_row column_structure=\u00a0\u00bb3_5,2_5&Prime; disabled_on=\u00a0\u00bboff|on|on\u00a0\u00bb _builder_version=\u00a0\u00bb4.0.2&Prime; custom_margin=\u00a0\u00bb|416px||66px||\u00a0\u00bb custom_padding=\u00a0\u00bb|8px||||\u00a0\u00bb width=\u00a0\u00bb69.3%\u00a0\u00bb][et_pb_column type=\u00a0\u00bb3_5&Prime; _builder_version=\u00a0\u00bb4.0.2&Prime;][et_pb_image src=\u00a0\u00bbhttp:\/\/stephaniemedieux.com\/wp-content\/uploads\/2019\/11\/F\u00eate-de-la-violette-1.jpg\u00a0\u00bb _builder_version=\u00a0\u00bb4.0.2&Prime; custom_margin=\u00a0\u00bb|1px||||\u00a0\u00bb custom_padding=\u00a0\u00bb|0px||||\u00a0\u00bb][\/et_pb_image][\/et_pb_column][et_pb_column type=\u00a0\u00bb2_5&Prime; _builder_version=\u00a0\u00bb4.0.2&Prime;][et_pb_text _builder_version=\u00a0\u00bb4.0.2&Prime; text_font=\u00a0\u00bbArchivo||||||||\u00a0\u00bb text_font_size=\u00a0\u00bb17px\u00a0\u00bb custom_margin=\u00a0\u00bb-12px|||||\u00a0\u00bb]<\/p>\n<p style=\"text-align: right;\">Acrylique sur toile<\/p>\n<p>[\/et_pb_text][et_pb_text _builder_version=\u00a0\u00bb4.0.2&Prime; text_font=\u00a0\u00bbArchivo||||||||\u00a0\u00bb text_font_size=\u00a0\u00bb17px\u00a0\u00bb custom_margin=\u00a0\u00bb-17px|||||\u00a0\u00bb]<\/p>\n<p style=\"text-align: right;\">Format 100 x 205 cm<\/p>\n<p>[\/et_pb_text][et_pb_text _builder_version=\u00a0\u00bb4.0.2&Prime; text_font=\u00a0\u00bbArchivo||||||||\u00a0\u00bb text_font_size=\u00a0\u00bb17px\u00a0\u00bb custom_margin=\u00a0\u00bb-27px|||||\u00a0\u00bb custom_padding=\u00a0\u00bb8px|||||\u00a0\u00bb]<\/p>\n<p style=\"text-align: right;\">Vendu<\/p>\n<p>[\/et_pb_text][\/et_pb_column][\/et_pb_row][\/et_pb_section]<\/p>\n","protected":false},"excerpt":{"rendered":"<p>Tableau F\u00eate de la violette par St\u00e9phanie M\u00e9dieux<\/p>\n","protected":false},"author":1,"featured_media":298,"comment_status":"closed","ping_status":"closed","template":"","meta":{"_et_pb_use_builder":"on","_et_pb_old_content":"","_et_gb_content_width":"","footnotes":""},"project_category":[12],"project_tag":[],"class_list":["post-300","project","type-project","status-publish","has-post-thumbnail","hentry","project_category-autres-peintures"],"yoast_head":"<!-- This site is optimized with the Yoast SEO plugin v22.6 - https:\/\/yoast.com\/wordpress\/plugins\/seo\/ -->\n<title>F\u00eate de la violette - St\u00e9phanie M\u00e9dieux<\/title>\n<meta name=\"robots\" content=\"index, follow, max-snippet:-1, max-image-preview:large, max-video-preview:-1\" \/>\n<link rel=\"canonical\" href=\"https:\/\/stephaniemedieux.com\/index.php\/project\/fete-de-la-violette\/\" \/>\n<meta property=\"og:locale\" content=\"fr_FR\" \/>\n<meta property=\"og:type\" content=\"article\" \/>\n<meta property=\"og:title\" content=\"F\u00eate de la violette - St\u00e9phanie M\u00e9dieux\" \/>\n<meta property=\"og:description\" content=\"Tableau F\u00eate de la violette par St\u00e9phanie M\u00e9dieux\" \/>\n<meta property=\"og:url\" content=\"https:\/\/stephaniemedieux.com\/index.php\/project\/fete-de-la-violette\/\" \/>\n<meta property=\"og:site_name\" content=\"St\u00e9phanie M\u00e9dieux\" \/>\n<meta property=\"article:publisher\" content=\"https:\/\/www.facebook.com\/stephaniemedieux\" \/>\n<meta property=\"article:modified_time\" content=\"2019-11-20T18:07:37+00:00\" \/>\n<meta property=\"og:image\" content=\"https:\/\/stephaniemedieux.com\/wp-content\/uploads\/2019\/11\/F\u00eate-de-la-violette-e1572807467268.jpg\" \/>\n\t<meta property=\"og:image:width\" content=\"1141\" \/>\n\t<meta property=\"og:image:height\" content=\"655\" \/>\n\t<meta property=\"og:image:type\" content=\"image\/jpeg\" \/>\n<meta name=\"twitter:card\" content=\"summary_large_image\" \/>\n<meta name=\"twitter:label1\" content=\"Dur\u00e9e de lecture estim\u00e9e\" \/>\n\t<meta name=\"twitter:data1\" content=\"2 minutes\" \/>\n<script type=\"application\/ld+json\" class=\"yoast-schema-graph\">{\"@context\":\"https:\/\/schema.org\",\"@graph\":[{\"@type\":\"WebPage\",\"@id\":\"https:\/\/stephaniemedieux.com\/index.php\/project\/fete-de-la-violette\/\",\"url\":\"https:\/\/stephaniemedieux.com\/index.php\/project\/fete-de-la-violette\/\",\"name\":\"F\u00eate de la violette - St\u00e9phanie M\u00e9dieux\",\"isPartOf\":{\"@id\":\"https:\/\/stephaniemedieux.com\/#website\"},\"primaryImageOfPage\":{\"@id\":\"https:\/\/stephaniemedieux.com\/index.php\/project\/fete-de-la-violette\/#primaryimage\"},\"image\":{\"@id\":\"https:\/\/stephaniemedieux.com\/index.php\/project\/fete-de-la-violette\/#primaryimage\"},\"thumbnailUrl\":\"https:\/\/stephaniemedieux.com\/wp-content\/uploads\/2019\/11\/F\u00eate-de-la-violette-e1572807467268.jpg\",\"datePublished\":\"2019-11-03T19:00:39+00:00\",\"dateModified\":\"2019-11-20T18:07:37+00:00\",\"breadcrumb\":{\"@id\":\"https:\/\/stephaniemedieux.com\/index.php\/project\/fete-de-la-violette\/#breadcrumb\"},\"inLanguage\":\"fr-FR\",\"potentialAction\":[{\"@type\":\"ReadAction\",\"target\":[\"https:\/\/stephaniemedieux.com\/index.php\/project\/fete-de-la-violette\/\"]}]},{\"@type\":\"ImageObject\",\"inLanguage\":\"fr-FR\",\"@id\":\"https:\/\/stephaniemedieux.com\/index.php\/project\/fete-de-la-violette\/#primaryimage\",\"url\":\"https:\/\/stephaniemedieux.com\/wp-content\/uploads\/2019\/11\/F\u00eate-de-la-violette-e1572807467268.jpg\",\"contentUrl\":\"https:\/\/stephaniemedieux.com\/wp-content\/uploads\/2019\/11\/F\u00eate-de-la-violette-e1572807467268.jpg\",\"width\":1141,\"height\":655,\"caption\":\"D\u00e9tail du Tableau F\u00eate de la Violette Acrylique sur toile de St\u00e9phanie M\u00e9dieux\"},{\"@type\":\"BreadcrumbList\",\"@id\":\"https:\/\/stephaniemedieux.com\/index.php\/project\/fete-de-la-violette\/#breadcrumb\",\"itemListElement\":[{\"@type\":\"ListItem\",\"position\":1,\"name\":\"Accueil\",\"item\":\"https:\/\/stephaniemedieux.com\/\"},{\"@type\":\"ListItem\",\"position\":2,\"name\":\"Projets\",\"item\":\"https:\/\/stephaniemedieux.com\/index.php\/project\/\"},{\"@type\":\"ListItem\",\"position\":3,\"name\":\"F\u00eate de la violette\"}]},{\"@type\":\"WebSite\",\"@id\":\"https:\/\/stephaniemedieux.com\/#website\",\"url\":\"https:\/\/stephaniemedieux.com\/\",\"name\":\"St\u00e9phanie M\u00e9dieux\",\"description\":\"R\u00e9inventons votre int\u00e9rieur ! D\u00e9co et Home-Staging\",\"publisher\":{\"@id\":\"https:\/\/stephaniemedieux.com\/#\/schema\/person\/cd8ef2f54353e8fe33f78aa572418d1f\"},\"potentialAction\":[{\"@type\":\"SearchAction\",\"target\":{\"@type\":\"EntryPoint\",\"urlTemplate\":\"https:\/\/stephaniemedieux.com\/?s={search_term_string}\"},\"query-input\":\"required name=search_term_string\"}],\"inLanguage\":\"fr-FR\"},{\"@type\":[\"Person\",\"Organization\"],\"@id\":\"https:\/\/stephaniemedieux.com\/#\/schema\/person\/cd8ef2f54353e8fe33f78aa572418d1f\",\"name\":\"St\u00e9phanie M\u00e9dieux\",\"image\":{\"@type\":\"ImageObject\",\"inLanguage\":\"fr-FR\",\"@id\":\"https:\/\/stephaniemedieux.com\/#\/schema\/person\/image\/\",\"url\":\"https:\/\/stephaniemedieux.com\/wp-content\/uploads\/2024\/02\/Moi-NetB.jpg\",\"contentUrl\":\"https:\/\/stephaniemedieux.com\/wp-content\/uploads\/2024\/02\/Moi-NetB.jpg\",\"width\":362,\"height\":619,\"caption\":\"St\u00e9phanie M\u00e9dieux\"},\"logo\":{\"@id\":\"https:\/\/stephaniemedieux.com\/#\/schema\/person\/image\/\"},\"description\":\"St\u00e9phanie M\u00e9dieux, artiste peintre, vit et travaille dans le Sud Ouest. Ses tableaux sont riches en couleurs et en d\u00e9calages qui restituent un imperceptible mouvement. Ils sont \u00e9galement marqu\u00e9s par la tauromachie qui a souvent inspir\u00e9 ses toiles.\",\"sameAs\":[\"https:\/\/stephaniemedieux.com\/\",\"https:\/\/www.facebook.com\/stephaniemedieux\",\"https:\/\/www.instagram.com\/stephaniemedieux\/\",\"https:\/\/www.linkedin.com\/in\/stphanie-medieux\/\"]}]}<\/script>\n<!-- \/ Yoast SEO plugin. -->","yoast_head_json":{"title":"F\u00eate de la violette - St\u00e9phanie M\u00e9dieux","robots":{"index":"index","follow":"follow","max-snippet":"max-snippet:-1","max-image-preview":"max-image-preview:large","max-video-preview":"max-video-preview:-1"},"canonical":"https:\/\/stephaniemedieux.com\/index.php\/project\/fete-de-la-violette\/","og_locale":"fr_FR","og_type":"article","og_title":"F\u00eate de la violette - St\u00e9phanie M\u00e9dieux","og_description":"Tableau F\u00eate de la violette par St\u00e9phanie M\u00e9dieux","og_url":"https:\/\/stephaniemedieux.com\/index.php\/project\/fete-de-la-violette\/","og_site_name":"St\u00e9phanie M\u00e9dieux","article_publisher":"https:\/\/www.facebook.com\/stephaniemedieux","article_modified_time":"2019-11-20T18:07:37+00:00","og_image":[{"width":1141,"height":655,"url":"https:\/\/stephaniemedieux.com\/wp-content\/uploads\/2019\/11\/F\u00eate-de-la-violette-e1572807467268.jpg","type":"image\/jpeg"}],"twitter_card":"summary_large_image","twitter_misc":{"Dur\u00e9e de lecture estim\u00e9e":"2 minutes"},"schema":{"@context":"https:\/\/schema.org","@graph":[{"@type":"WebPage","@id":"https:\/\/stephaniemedieux.com\/index.php\/project\/fete-de-la-violette\/","url":"https:\/\/stephaniemedieux.com\/index.php\/project\/fete-de-la-violette\/","name":"F\u00eate de la violette - St\u00e9phanie M\u00e9dieux","isPartOf":{"@id":"https:\/\/stephaniemedieux.com\/#website"},"primaryImageOfPage":{"@id":"https:\/\/stephaniemedieux.com\/index.php\/project\/fete-de-la-violette\/#primaryimage"},"image":{"@id":"https:\/\/stephaniemedieux.com\/index.php\/project\/fete-de-la-violette\/#primaryimage"},"thumbnailUrl":"https:\/\/stephaniemedieux.com\/wp-content\/uploads\/2019\/11\/F\u00eate-de-la-violette-e1572807467268.jpg","datePublished":"2019-11-03T19:00:39+00:00","dateModified":"2019-11-20T18:07:37+00:00","breadcrumb":{"@id":"https:\/\/stephaniemedieux.com\/index.php\/project\/fete-de-la-violette\/#breadcrumb"},"inLanguage":"fr-FR","potentialAction":[{"@type":"ReadAction","target":["https:\/\/stephaniemedieux.com\/index.php\/project\/fete-de-la-violette\/"]}]},{"@type":"ImageObject","inLanguage":"fr-FR","@id":"https:\/\/stephaniemedieux.com\/index.php\/project\/fete-de-la-violette\/#primaryimage","url":"https:\/\/stephaniemedieux.com\/wp-content\/uploads\/2019\/11\/F\u00eate-de-la-violette-e1572807467268.jpg","contentUrl":"https:\/\/stephaniemedieux.com\/wp-content\/uploads\/2019\/11\/F\u00eate-de-la-violette-e1572807467268.jpg","width":1141,"height":655,"caption":"D\u00e9tail du Tableau F\u00eate de la Violette Acrylique sur toile de St\u00e9phanie M\u00e9dieux"},{"@type":"BreadcrumbList","@id":"https:\/\/stephaniemedieux.com\/index.php\/project\/fete-de-la-violette\/#breadcrumb","itemListElement":[{"@type":"ListItem","position":1,"name":"Accueil","item":"https:\/\/stephaniemedieux.com\/"},{"@type":"ListItem","position":2,"name":"Projets","item":"https:\/\/stephaniemedieux.com\/index.php\/project\/"},{"@type":"ListItem","position":3,"name":"F\u00eate de la violette"}]},{"@type":"WebSite","@id":"https:\/\/stephaniemedieux.com\/#website","url":"https:\/\/stephaniemedieux.com\/","name":"St\u00e9phanie M\u00e9dieux","description":"R\u00e9inventons votre int\u00e9rieur ! D\u00e9co et Home-Staging","publisher":{"@id":"https:\/\/stephaniemedieux.com\/#\/schema\/person\/cd8ef2f54353e8fe33f78aa572418d1f"},"potentialAction":[{"@type":"SearchAction","target":{"@type":"EntryPoint","urlTemplate":"https:\/\/stephaniemedieux.com\/?s={search_term_string}"},"query-input":"required name=search_term_string"}],"inLanguage":"fr-FR"},{"@type":["Person","Organization"],"@id":"https:\/\/stephaniemedieux.com\/#\/schema\/person\/cd8ef2f54353e8fe33f78aa572418d1f","name":"St\u00e9phanie M\u00e9dieux","image":{"@type":"ImageObject","inLanguage":"fr-FR","@id":"https:\/\/stephaniemedieux.com\/#\/schema\/person\/image\/","url":"https:\/\/stephaniemedieux.com\/wp-content\/uploads\/2024\/02\/Moi-NetB.jpg","contentUrl":"https:\/\/stephaniemedieux.com\/wp-content\/uploads\/2024\/02\/Moi-NetB.jpg","width":362,"height":619,"caption":"St\u00e9phanie M\u00e9dieux"},"logo":{"@id":"https:\/\/stephaniemedieux.com\/#\/schema\/person\/image\/"},"description":"St\u00e9phanie M\u00e9dieux, artiste peintre, vit et travaille dans le Sud Ouest. Ses tableaux sont riches en couleurs et en d\u00e9calages qui restituent un imperceptible mouvement. Ils sont \u00e9galement marqu\u00e9s par la tauromachie qui a souvent inspir\u00e9 ses toiles.","sameAs":["https:\/\/stephaniemedieux.com\/","https:\/\/www.facebook.com\/stephaniemedieux","https:\/\/www.instagram.com\/stephaniemedieux\/","https:\/\/www.linkedin.com\/in\/stphanie-medieux\/"]}]}},"_links":{"self":[{"href":"https:\/\/stephaniemedieux.com\/index.php\/wp-json\/wp\/v2\/project\/300","targetHints":{"allow":["GET"]}}],"collection":[{"href":"https:\/\/stephaniemedieux.com\/index.php\/wp-json\/wp\/v2\/project"}],"about":[{"href":"https:\/\/stephaniemedieux.com\/index.php\/wp-json\/wp\/v2\/types\/project"}],"author":[{"embeddable":true,"href":"https:\/\/stephaniemedieux.com\/index.php\/wp-json\/wp\/v2\/users\/1"}],"replies":[{"embeddable":true,"href":"https:\/\/stephaniemedieux.com\/index.php\/wp-json\/wp\/v2\/comments?post=300"}],"version-history":[{"count":6,"href":"https:\/\/stephaniemedieux.com\/index.php\/wp-json\/wp\/v2\/project\/300\/revisions"}],"predecessor-version":[{"id":1233,"href":"https:\/\/stephaniemedieux.com\/index.php\/wp-json\/wp\/v2\/project\/300\/revisions\/1233"}],"wp:featuredmedia":[{"embeddable":true,"href":"https:\/\/stephaniemedieux.com\/index.php\/wp-json\/wp\/v2\/media\/298"}],"wp:attachment":[{"href":"https:\/\/stephaniemedieux.com\/index.php\/wp-json\/wp\/v2\/media?parent=300"}],"wp:term":[{"taxonomy":"project_category","embeddable":true,"href":"https:\/\/stephaniemedieux.com\/index.php\/wp-json\/wp\/v2\/project_category?post=300"},{"taxonomy":"project_tag","embeddable":true,"href":"https:\/\/stephaniemedieux.com\/index.php\/wp-json\/wp\/v2\/project_tag?post=300"}],"curies":[{"name":"wp","href":"https:\/\/api.w.org\/{rel}","templated":true}]}}