{"id":1018,"date":"2019-11-11T19:20:33","date_gmt":"2019-11-11T18:20:33","guid":{"rendered":"https:\/\/stephaniemedieux.com\/?page_id=1018"},"modified":"2021-11-06T23:47:26","modified_gmt":"2021-11-06T22:47:26","slug":"affiches","status":"publish","type":"page","link":"https:\/\/stephaniemedieux.com\/index.php\/affiches\/","title":{"rendered":"Affiches"},"content":{"rendered":"<p>[et_pb_section fb_built=\u00a0\u00bb1&Prime; disabled_on=\u00a0\u00bbon|on|off\u00a0\u00bb _builder_version=\u00a0\u00bb4.0.2&Prime; custom_padding=\u00a0\u00bb11px||1px|||\u00a0\u00bb][et_pb_row disabled_on=\u00a0\u00bbon|off|off\u00a0\u00bb _builder_version=\u00a0\u00bb4.0.2&Prime; width=\u00a0\u00bb88.6%\u00a0\u00bb max_width=\u00a0\u00bb1940px\u00a0\u00bb max_height=\u00a0\u00bb947px\u00a0\u00bb custom_margin=\u00a0\u00bb2px|auto|17px|72px|false|false\u00a0\u00bb custom_padding=\u00a0\u00bb22px||14px|37px|false|false\u00a0\u00bb border_radii=\u00a0\u00bbon|1px|1px|1px|1px\u00a0\u00bb border_width_all=\u00a0\u00bb1px\u00a0\u00bb border_color_all=\u00a0\u00bbrgba(0,142,150,0.87)\u00a0\u00bb border_style_all=\u00a0\u00bbdotted\u00a0\u00bb locked=\u00a0\u00bboff\u00a0\u00bb][et_pb_column type=\u00a0\u00bb4_4&Prime; _builder_version=\u00a0\u00bb4.0.2&Prime;][et_pb_text _builder_version=\u00a0\u00bb4.0.2&Prime; text_font=\u00a0\u00bbArchivo||||||||\u00a0\u00bb text_text_color=\u00a0\u00bbrgba(0,142,150,0.87)\u00a0\u00bb text_font_size=\u00a0\u00bb25px\u00a0\u00bb text_letter_spacing=\u00a0\u00bb1px\u00a0\u00bb custom_margin=\u00a0\u00bb||17px|||\u00a0\u00bb]Les Affiches[\/et_pb_text][et_pb_text _builder_version=\u00a0\u00bb4.0.2&Prime; text_font=\u00a0\u00bbArchivo||||||||\u00a0\u00bb text_font_size=\u00a0\u00bb16px\u00a0\u00bb custom_padding=\u00a0\u00bb||0px|||\u00a0\u00bb]Offrez-vous un tableau\u2026 au prix d\u2019une affiche&nbsp;!<br \/>\nVoici 7 mod\u00e8les d\u2019affiches imprim\u00e9es \u00e0 partir des \u0153uvres originales de St\u00e9phanie M\u00e9dieux. Un rendu exceptionnel sur papier \u00e9pais type velin gr\u00e2ce \u00e0 une impression de tr\u00e8s haute qualit\u00e9.<br \/>\nD\u00e9p\u00eachez-vous, il ne reste que quelques exemplaires disponibles et les affiches ne seront pas r\u00e9\u00e9dit\u00e9es !<\/p>\n<p>Pour commander, contactez <a href=\"mailto:unbidetdanslesalon@gmail.com\" target=\"_blank\" rel=\"noopener noreferrer\">unbidetdanslesalon@gmail.com<\/a>[\/et_pb_text][\/et_pb_column][\/et_pb_row][et_pb_row column_structure=\u00a0\u00bb1_3,1_3,1_3&Prime; make_equal=\u00a0\u00bbon\u00a0\u00bb _builder_version=\u00a0\u00bb4.0.2&Prime; width=\u00a0\u00bb87.9%\u00a0\u00bb max_width=\u00a0\u00bb1570px\u00a0\u00bb custom_margin=\u00a0\u00bb|30px||82px||\u00a0\u00bb custom_padding=\u00a0\u00bb5px|||||\u00a0\u00bb][et_pb_column type=\u00a0\u00bb1_3&Prime; _builder_version=\u00a0\u00bb4.0.2&Prime;][et_pb_image src=\u00a0\u00bbhttps:\/\/stephaniemedieux.com\/wp-content\/uploads\/2019\/11\/Europeanos-extrait.jpg\u00a0\u00bb show_in_lightbox=\u00a0\u00bbon\u00a0\u00bb align=\u00a0\u00bbcenter\u00a0\u00bb _builder_version=\u00a0\u00bb4.0.2&Prime; max_width=\u00a0\u00bb100%\u00a0\u00bb custom_margin=\u00a0\u00bb||30px|||\u00a0\u00bb custom_padding=\u00a0\u00bb|2px||0px||\u00a0\u00bb][\/et_pb_image][et_pb_text _builder_version=\u00a0\u00bb4.0.2&Prime; text_font=\u00a0\u00bbArchivo||||||||\u00a0\u00bb text_text_color=\u00a0\u00bbrgba(0,142,150,0.87)\u00a0\u00bb text_font_size=\u00a0\u00bb20px\u00a0\u00bb custom_margin=\u00a0\u00bb||18px|||\u00a0\u00bb]Europeanos[\/et_pb_text][et_pb_text _builder_version=\u00a0\u00bb4.0.2&Prime; text_font=\u00a0\u00bbArchivo||||||||\u00a0\u00bb custom_margin=\u00a0\u00bb-11px||||false|false\u00a0\u00bb]Format 50 x 50 cm<br \/>\nPrix : 29 \u20ac + frais d&rsquo;envoi[\/et_pb_text][\/et_pb_column][et_pb_column type=\u00a0\u00bb1_3&Prime; _builder_version=\u00a0\u00bb4.0.2&Prime;][et_pb_image src=\u00a0\u00bbhttps:\/\/stephaniemedieux.com\/wp-content\/uploads\/2019\/11\/Precioso.jpg\u00a0\u00bb show_in_lightbox=\u00a0\u00bbon\u00a0\u00bb _builder_version=\u00a0\u00bb4.0.2&Prime; custom_margin=\u00a0\u00bb||30px|||\u00a0\u00bb][\/et_pb_image][et_pb_text _builder_version=\u00a0\u00bb4.0.2&Prime; text_font=\u00a0\u00bbArchivo||||||||\u00a0\u00bb text_text_color=\u00a0\u00bbrgba(0,142,150,0.87)\u00a0\u00bb text_font_size=\u00a0\u00bb20px\u00a0\u00bb custom_margin=\u00a0\u00bb||18px|||\u00a0\u00bb]Precioso[\/et_pb_text][et_pb_text _builder_version=\u00a0\u00bb4.0.2&Prime; text_font=\u00a0\u00bbArchivo||||||||\u00a0\u00bb custom_margin=\u00a0\u00bb-11px||||false|false\u00a0\u00bb]Format : 70 x 70 cm<br \/>\nPrix : 39 \u20ac + frais d&rsquo;envoi[\/et_pb_text][\/et_pb_column][et_pb_column type=\u00a0\u00bb1_3&Prime; _builder_version=\u00a0\u00bb4.0.2&Prime;][et_pb_image src=\u00a0\u00bbhttps:\/\/stephaniemedieux.com\/wp-content\/uploads\/2021\/04\/Trajes-de-Luces-p.jpg\u00a0\u00bb show_in_lightbox=\u00a0\u00bbon\u00a0\u00bb align=\u00a0\u00bbcenter\u00a0\u00bb _builder_version=\u00a0\u00bb4.0.2&Prime; width=\u00a0\u00bb98.4%\u00a0\u00bb custom_margin=\u00a0\u00bb||28px|||\u00a0\u00bb][\/et_pb_image][et_pb_text _builder_version=\u00a0\u00bb4.0.2&Prime; text_font=\u00a0\u00bbArchivo||||||||\u00a0\u00bb text_text_color=\u00a0\u00bbrgba(0,142,150,0.87)\u00a0\u00bb text_font_size=\u00a0\u00bb20px\u00a0\u00bb custom_margin=\u00a0\u00bb||18px|14px||\u00a0\u00bb]Trajes de luces[\/et_pb_text][et_pb_text _builder_version=\u00a0\u00bb4.0.2&Prime; text_font=\u00a0\u00bbArchivo||||||||\u00a0\u00bb custom_margin=\u00a0\u00bb-11px|||13px|false|false\u00a0\u00bb]Format 70 x 70 cm<br \/>\nPrix : 39 \u20ac + frais d&rsquo;envoi[\/et_pb_text][\/et_pb_column][\/et_pb_row][et_pb_row column_structure=\u00a0\u00bb1_3,1_3,1_3&Prime; make_equal=\u00a0\u00bbon\u00a0\u00bb _builder_version=\u00a0\u00bb4.0.2&Prime; width=\u00a0\u00bb87.9%\u00a0\u00bb max_width=\u00a0\u00bb1570px\u00a0\u00bb custom_margin=\u00a0\u00bb|30px||82px||\u00a0\u00bb custom_padding=\u00a0\u00bb5px|||||\u00a0\u00bb locked=\u00a0\u00bboff\u00a0\u00bb][et_pb_column type=\u00a0\u00bb1_3&Prime; _builder_version=\u00a0\u00bb4.0.2&Prime;][et_pb_image src=\u00a0\u00bbhttps:\/\/stephaniemedieux.com\/wp-content\/uploads\/2021\/04\/Wild-things.jpg\u00a0\u00bb show_in_lightbox=\u00a0\u00bbon\u00a0\u00bb align=\u00a0\u00bbcenter\u00a0\u00bb _builder_version=\u00a0\u00bb4.0.2&Prime; max_width=\u00a0\u00bb100%\u00a0\u00bb custom_margin=\u00a0\u00bb45px||51px|||\u00a0\u00bb custom_padding=\u00a0\u00bb|2px||0px||\u00a0\u00bb][\/et_pb_image][et_pb_text _builder_version=\u00a0\u00bb4.0.2&Prime; text_font=\u00a0\u00bbArchivo||||||||\u00a0\u00bb text_text_color=\u00a0\u00bbrgba(0,142,150,0.87)\u00a0\u00bb text_font_size=\u00a0\u00bb20px\u00a0\u00bb custom_margin=\u00a0\u00bb||18px|||\u00a0\u00bb]Wild Things[\/et_pb_text][et_pb_text _builder_version=\u00a0\u00bb4.0.2&Prime; text_font=\u00a0\u00bbArchivo||||||||\u00a0\u00bb custom_margin=\u00a0\u00bb-11px||||false|false\u00a0\u00bb]Format 81 x 67.5 cm (11 cm de blanc tournant)<br \/>\nPrix : 39 \u20ac + frais d&rsquo;envoi[\/et_pb_text][\/et_pb_column][et_pb_column type=\u00a0\u00bb1_3&Prime; _builder_version=\u00a0\u00bb4.0.2&Prime;][et_pb_image src=\u00a0\u00bbhttps:\/\/stephaniemedieux.com\/wp-content\/uploads\/2021\/04\/Esplendidos.jpg\u00a0\u00bb show_in_lightbox=\u00a0\u00bbon\u00a0\u00bb _builder_version=\u00a0\u00bb4.0.2&Prime; width=\u00a0\u00bb81.5%\u00a0\u00bb custom_margin=\u00a0\u00bb-5px||22px|37px|false|false\u00a0\u00bb][\/et_pb_image][et_pb_text _builder_version=\u00a0\u00bb4.0.2&Prime; text_font=\u00a0\u00bbArchivo||||||||\u00a0\u00bb text_text_color=\u00a0\u00bbrgba(0,142,150,0.87)\u00a0\u00bb text_font_size=\u00a0\u00bb20px\u00a0\u00bb custom_margin=\u00a0\u00bb||18px|||\u00a0\u00bb]Los Esplendidos[\/et_pb_text][et_pb_text _builder_version=\u00a0\u00bb4.0.2&Prime; text_font=\u00a0\u00bbArchivo||||||||\u00a0\u00bb custom_margin=\u00a0\u00bb-11px||||false|false\u00a0\u00bb custom_padding=\u00a0\u00bb||0px|||\u00a0\u00bb]Format 50 x 60 cm<br \/>\nPrix : 29 \u20ac + Frais d&rsquo;envoi[\/et_pb_text][\/et_pb_column][et_pb_column type=\u00a0\u00bb1_3&Prime; _builder_version=\u00a0\u00bb4.0.2&Prime;][et_pb_image src=\u00a0\u00bbhttps:\/\/stephaniemedieux.com\/wp-content\/uploads\/2021\/04\/Air-dandalousie.jpg\u00a0\u00bb show_in_lightbox=\u00a0\u00bbon\u00a0\u00bb align=\u00a0\u00bbcenter\u00a0\u00bb _builder_version=\u00a0\u00bb4.0.2&Prime; width=\u00a0\u00bb73.8%\u00a0\u00bb custom_margin=\u00a0\u00bb-3px||28px|||\u00a0\u00bb][\/et_pb_image][et_pb_text _builder_version=\u00a0\u00bb4.0.2&Prime; text_font=\u00a0\u00bbArchivo||||||||\u00a0\u00bb text_text_color=\u00a0\u00bbrgba(0,142,150,0.87)\u00a0\u00bb text_font_size=\u00a0\u00bb20px\u00a0\u00bb custom_margin=\u00a0\u00bb7px||18px|||\u00a0\u00bb]Un Air d&rsquo;Andalousie[\/et_pb_text][et_pb_text _builder_version=\u00a0\u00bb4.0.2&Prime; text_font=\u00a0\u00bbArchivo||||||||\u00a0\u00bb custom_margin=\u00a0\u00bb-11px||||false|false\u00a0\u00bb]Format 60 x 80 cm<br \/>\nPrix : 39 \u20ac + frais d&rsquo;envoi[\/et_pb_text][\/et_pb_column][\/et_pb_row][et_pb_row column_structure=\u00a0\u00bb1_3,1_3,1_3&Prime; make_equal=\u00a0\u00bbon\u00a0\u00bb _builder_version=\u00a0\u00bb4.0.2&Prime; width=\u00a0\u00bb87.9%\u00a0\u00bb max_width=\u00a0\u00bb1570px\u00a0\u00bb custom_margin=\u00a0\u00bb|30px||82px||\u00a0\u00bb custom_padding=\u00a0\u00bb5px|||||\u00a0\u00bb locked=\u00a0\u00bboff\u00a0\u00bb][et_pb_column type=\u00a0\u00bb1_3&Prime; _builder_version=\u00a0\u00bb4.0.2&Prime;][et_pb_image src=\u00a0\u00bbhttps:\/\/stephaniemedieux.com\/wp-content\/uploads\/2021\/04\/8-eptites-voleuses.jpg\u00a0\u00bb show_in_lightbox=\u00a0\u00bbon\u00a0\u00bb align=\u00a0\u00bbcenter\u00a0\u00bb _builder_version=\u00a0\u00bb4.0.2&Prime; max_width=\u00a0\u00bb60.2%\u00a0\u00bb custom_margin=\u00a0\u00bb||30px|||\u00a0\u00bb custom_padding=\u00a0\u00bb|2px||0px||\u00a0\u00bb][\/et_pb_image][et_pb_text _builder_version=\u00a0\u00bb4.0.2&Prime; text_font=\u00a0\u00bbArchivo||||||||\u00a0\u00bb text_text_color=\u00a0\u00bbrgba(0,142,150,0.87)\u00a0\u00bb text_font_size=\u00a0\u00bb20px\u00a0\u00bb custom_margin=\u00a0\u00bb||18px|||\u00a0\u00bb]8 petites voleuses[\/et_pb_text][et_pb_text _builder_version=\u00a0\u00bb4.0.2&Prime; text_font=\u00a0\u00bbArchivo||||||||\u00a0\u00bb custom_margin=\u00a0\u00bb-11px||||false|false\u00a0\u00bb]Format 29 x 56 cm (1 cm de blanc tournant)<br \/>\nPrix : 29 \u20ac + frais d&rsquo;envoi[\/et_pb_text][\/et_pb_column][et_pb_column type=\u00a0\u00bb1_3&Prime; _builder_version=\u00a0\u00bb4.0.2&Prime;][\/et_pb_column][et_pb_column type=\u00a0\u00bb1_3&Prime; _builder_version=\u00a0\u00bb4.0.2&Prime;][\/et_pb_column][\/et_pb_row][\/et_pb_section][et_pb_section fb_built=\u00a0\u00bb1&Prime; disabled_on=\u00a0\u00bboff|on|on\u00a0\u00bb _builder_version=\u00a0\u00bb4.0.2&Prime; custom_padding=\u00a0\u00bb8px||11px|||\u00a0\u00bb][et_pb_row disabled_on=\u00a0\u00bboff|on|on\u00a0\u00bb _builder_version=\u00a0\u00bb4.0.2&Prime; width=\u00a0\u00bb89.3%\u00a0\u00bb max_width=\u00a0\u00bb1940px\u00a0\u00bb max_height=\u00a0\u00bb947px\u00a0\u00bb custom_margin=\u00a0\u00bb2px|auto|17px|27px|false|false\u00a0\u00bb custom_padding=\u00a0\u00bb22px||14px|27px|false|false\u00a0\u00bb border_radii=\u00a0\u00bbon|1px|1px|1px|1px\u00a0\u00bb border_width_all=\u00a0\u00bb1px\u00a0\u00bb border_color_all=\u00a0\u00bbrgba(0,142,150,0.87)\u00a0\u00bb border_style_all=\u00a0\u00bbdotted\u00a0\u00bb locked=\u00a0\u00bboff\u00a0\u00bb][et_pb_column type=\u00a0\u00bb4_4&Prime; _builder_version=\u00a0\u00bb4.0.2&Prime;][et_pb_text _builder_version=\u00a0\u00bb4.0.2&Prime; text_font=\u00a0\u00bbArchivo||||||||\u00a0\u00bb text_text_color=\u00a0\u00bbrgba(0,142,150,0.87)\u00a0\u00bb text_font_size=\u00a0\u00bb25px\u00a0\u00bb text_letter_spacing=\u00a0\u00bb1px\u00a0\u00bb custom_margin=\u00a0\u00bb||17px|||\u00a0\u00bb]Les Affiches[\/et_pb_text][et_pb_text _builder_version=\u00a0\u00bb4.0.2&Prime; text_font=\u00a0\u00bbArchivo||||||||\u00a0\u00bb text_font_size=\u00a0\u00bb16px\u00a0\u00bb custom_padding=\u00a0\u00bb|10px|0px|0px|false|false\u00a0\u00bb]Offrez-vous un tableau\u2026 au prix d\u2019une affiche&nbsp;!<br \/>\nVoici 7 mod\u00e8les d\u2019affiches imprim\u00e9es \u00e0 partir des \u0153uvres originales de St\u00e9phanie M\u00e9dieux. Un rendu exceptionnel sur papier \u00e9pais type velin gr\u00e2ce \u00e0 une impression de tr\u00e8s haute qualit\u00e9.<br \/>\nD\u00e9p\u00eachez-vous, il ne reste que quelques exemplaires disponibles et les affiches ne seront pas r\u00e9\u00e9dit\u00e9es !<\/p>\n<p>Pour commander, contactez <a href=\"mailto:unbidetdanslesalon@gmail.com\" target=\"_blank\" rel=\"noopener noreferrer\">unbidetdanslesalon@gmail.com<\/a>[\/et_pb_text][\/et_pb_column][\/et_pb_row][et_pb_row column_structure=\u00a0\u00bb1_3,1_3,1_3&Prime; make_equal=\u00a0\u00bbon\u00a0\u00bb _builder_version=\u00a0\u00bb4.0.2&Prime; width=\u00a0\u00bb90.6%\u00a0\u00bb max_width=\u00a0\u00bb1570px\u00a0\u00bb custom_margin=\u00a0\u00bb|30px||29px||\u00a0\u00bb custom_padding=\u00a0\u00bb5px|||||\u00a0\u00bb][et_pb_column type=\u00a0\u00bb1_3&Prime; _builder_version=\u00a0\u00bb4.0.2&Prime;][et_pb_image src=\u00a0\u00bbhttps:\/\/stephaniemedieux.com\/wp-content\/uploads\/2019\/11\/Europeanos-extrait.jpg\u00a0\u00bb align=\u00a0\u00bbcenter\u00a0\u00bb _builder_version=\u00a0\u00bb4.0.2&Prime; max_width=\u00a0\u00bb100%\u00a0\u00bb custom_margin=\u00a0\u00bb||11px|||\u00a0\u00bb custom_padding=\u00a0\u00bb|2px||0px||\u00a0\u00bb hover_enabled=\u00a0\u00bb0&Prime; show_in_lightbox=\u00a0\u00bbon\u00a0\u00bb][\/et_pb_image][et_pb_text _builder_version=\u00a0\u00bb4.0.2&Prime; text_font=\u00a0\u00bbArchivo||||||||\u00a0\u00bb text_text_color=\u00a0\u00bbrgba(0,142,150,0.87)\u00a0\u00bb text_font_size=\u00a0\u00bb20px\u00a0\u00bb custom_margin=\u00a0\u00bb||18px|||\u00a0\u00bb]Europeanos[\/et_pb_text][et_pb_text _builder_version=\u00a0\u00bb4.0.2&Prime; text_font=\u00a0\u00bbArchivo||||||||\u00a0\u00bb custom_margin=\u00a0\u00bb-11px||||false|false\u00a0\u00bb]Format 50 x 50 cm<br \/>\nPrix : 29 \u20ac + frais d&rsquo;envoi[\/et_pb_text][\/et_pb_column][et_pb_column type=\u00a0\u00bb1_3&Prime; _builder_version=\u00a0\u00bb4.0.2&Prime;][et_pb_image src=\u00a0\u00bbhttps:\/\/stephaniemedieux.com\/wp-content\/uploads\/2019\/11\/Precioso.jpg\u00a0\u00bb _builder_version=\u00a0\u00bb4.0.2&Prime; custom_margin=\u00a0\u00bb||30px|||\u00a0\u00bb hover_enabled=\u00a0\u00bb0&Prime; show_in_lightbox=\u00a0\u00bbon\u00a0\u00bb][\/et_pb_image][et_pb_text _builder_version=\u00a0\u00bb4.0.2&Prime; text_font=\u00a0\u00bbArchivo||||||||\u00a0\u00bb text_text_color=\u00a0\u00bbrgba(0,142,150,0.87)\u00a0\u00bb text_font_size=\u00a0\u00bb20px\u00a0\u00bb custom_margin=\u00a0\u00bb-12px||18px|||\u00a0\u00bb]Precioso[\/et_pb_text][et_pb_text _builder_version=\u00a0\u00bb4.0.2&Prime; text_font=\u00a0\u00bbArchivo||||||||\u00a0\u00bb custom_margin=\u00a0\u00bb-11px||||false|false\u00a0\u00bb]Format : 70 x 70 cm<br \/>\nPrix : 39 \u20ac + frais d&rsquo;envoi[\/et_pb_text][\/et_pb_column][et_pb_column type=\u00a0\u00bb1_3&Prime; _builder_version=\u00a0\u00bb4.0.2&Prime;][et_pb_image src=\u00a0\u00bbhttps:\/\/stephaniemedieux.com\/wp-content\/uploads\/2021\/04\/Trajes-de-Luces-p.jpg\u00a0\u00bb align=\u00a0\u00bbcenter\u00a0\u00bb _builder_version=\u00a0\u00bb4.0.2&Prime; width=\u00a0\u00bb98.4%\u00a0\u00bb custom_margin=\u00a0\u00bb||28px|||\u00a0\u00bb hover_enabled=\u00a0\u00bb0&Prime; show_in_lightbox=\u00a0\u00bbon\u00a0\u00bb][\/et_pb_image][et_pb_text _builder_version=\u00a0\u00bb4.0.2&Prime; text_font=\u00a0\u00bbArchivo||||||||\u00a0\u00bb text_text_color=\u00a0\u00bbrgba(0,142,150,0.87)\u00a0\u00bb text_font_size=\u00a0\u00bb20px\u00a0\u00bb custom_margin=\u00a0\u00bb-6px||18px|14px||\u00a0\u00bb]Trajes de luces[\/et_pb_text][et_pb_text _builder_version=\u00a0\u00bb4.0.2&Prime; text_font=\u00a0\u00bbArchivo||||||||\u00a0\u00bb custom_margin=\u00a0\u00bb-11px|||13px|false|false\u00a0\u00bb]Format 70 x 70 cm<br \/>\nPrix : 39 \u20ac + frais d&rsquo;envoi[\/et_pb_text][\/et_pb_column][\/et_pb_row][et_pb_row column_structure=\u00a0\u00bb1_3,1_3,1_3&Prime; make_equal=\u00a0\u00bbon\u00a0\u00bb _builder_version=\u00a0\u00bb4.0.2&Prime; width=\u00a0\u00bb90.6%\u00a0\u00bb max_width=\u00a0\u00bb1570px\u00a0\u00bb custom_margin=\u00a0\u00bb-8px|30px||29px|false|false\u00a0\u00bb custom_padding=\u00a0\u00bb5px|||||\u00a0\u00bb locked=\u00a0\u00bboff\u00a0\u00bb][et_pb_column type=\u00a0\u00bb1_3&Prime; _builder_version=\u00a0\u00bb4.0.2&Prime;][et_pb_image src=\u00a0\u00bbhttps:\/\/stephaniemedieux.com\/wp-content\/uploads\/2021\/04\/Wild-things.jpg\u00a0\u00bb align=\u00a0\u00bbcenter\u00a0\u00bb _builder_version=\u00a0\u00bb4.0.2&Prime; max_width=\u00a0\u00bb100%\u00a0\u00bb custom_margin=\u00a0\u00bb-1px||13px|||\u00a0\u00bb custom_padding=\u00a0\u00bb|2px||0px||\u00a0\u00bb hover_enabled=\u00a0\u00bb0&Prime; show_in_lightbox=\u00a0\u00bbon\u00a0\u00bb][\/et_pb_image][et_pb_text _builder_version=\u00a0\u00bb4.0.2&Prime; text_font=\u00a0\u00bbArchivo||||||||\u00a0\u00bb text_text_color=\u00a0\u00bbrgba(0,142,150,0.87)\u00a0\u00bb text_font_size=\u00a0\u00bb20px\u00a0\u00bb custom_margin=\u00a0\u00bb||18px|||\u00a0\u00bb]Wild Things[\/et_pb_text][et_pb_text _builder_version=\u00a0\u00bb4.0.2&Prime; text_font=\u00a0\u00bbArchivo||||||||\u00a0\u00bb custom_margin=\u00a0\u00bb-11px||||false|false\u00a0\u00bb]Format 81 x 67.5 cm (11 cm de blanc tournant)<br \/>\nPrix : 39 \u20ac + frais d&rsquo;envoi[\/et_pb_text][\/et_pb_column][et_pb_column type=\u00a0\u00bb1_3&Prime; _builder_version=\u00a0\u00bb4.0.2&Prime;][et_pb_image src=\u00a0\u00bbhttps:\/\/stephaniemedieux.com\/wp-content\/uploads\/2021\/04\/Esplendidos.jpg\u00a0\u00bb _builder_version=\u00a0\u00bb4.0.2&Prime; width=\u00a0\u00bb81.5%\u00a0\u00bb custom_margin=\u00a0\u00bb-5px||22px|37px|false|false\u00a0\u00bb hover_enabled=\u00a0\u00bb0&Prime; show_in_lightbox=\u00a0\u00bbon\u00a0\u00bb][\/et_pb_image][et_pb_text _builder_version=\u00a0\u00bb4.0.2&Prime; text_font=\u00a0\u00bbArchivo||||||||\u00a0\u00bb text_text_color=\u00a0\u00bbrgba(0,142,150,0.87)\u00a0\u00bb text_font_size=\u00a0\u00bb20px\u00a0\u00bb custom_margin=\u00a0\u00bb-12px||18px|41px||\u00a0\u00bb]Los Esplendidos[\/et_pb_text][et_pb_text _builder_version=\u00a0\u00bb4.0.2&Prime; text_font=\u00a0\u00bbArchivo||||||||\u00a0\u00bb custom_margin=\u00a0\u00bb-11px|||38px|false|false\u00a0\u00bb custom_padding=\u00a0\u00bb||0px|||\u00a0\u00bb]Format 50 x 60 cm<br \/>\nPrix : 29 \u20ac + Frais d&rsquo;envoi[\/et_pb_text][\/et_pb_column][et_pb_column type=\u00a0\u00bb1_3&Prime; _builder_version=\u00a0\u00bb4.0.2&Prime;][et_pb_image src=\u00a0\u00bbhttps:\/\/stephaniemedieux.com\/wp-content\/uploads\/2021\/04\/Air-dandalousie.jpg\u00a0\u00bb align=\u00a0\u00bbcenter\u00a0\u00bb _builder_version=\u00a0\u00bb4.0.2&Prime; width=\u00a0\u00bb73.8%\u00a0\u00bb custom_margin=\u00a0\u00bb-3px||28px|||\u00a0\u00bb hover_enabled=\u00a0\u00bb0&Prime; show_in_lightbox=\u00a0\u00bbon\u00a0\u00bb][\/et_pb_image][et_pb_text _builder_version=\u00a0\u00bb4.0.2&Prime; text_font=\u00a0\u00bbArchivo||||||||\u00a0\u00bb text_text_color=\u00a0\u00bbrgba(0,142,150,0.87)\u00a0\u00bb text_font_size=\u00a0\u00bb20px\u00a0\u00bb custom_margin=\u00a0\u00bb-14px||18px|61px||\u00a0\u00bb]Un Air d&rsquo;Andalousie[\/et_pb_text][et_pb_text _builder_version=\u00a0\u00bb4.0.2&Prime; text_font=\u00a0\u00bbArchivo||||||||\u00a0\u00bb custom_margin=\u00a0\u00bb-11px|||61px|false|false\u00a0\u00bb]Format 60 x 80 cm<br \/>\nPrix : 39 \u20ac + frais d&rsquo;envoi[\/et_pb_text][\/et_pb_column][\/et_pb_row][et_pb_row make_equal=\u00a0\u00bbon\u00a0\u00bb _builder_version=\u00a0\u00bb4.0.2&Prime; width=\u00a0\u00bb90.6%\u00a0\u00bb max_width=\u00a0\u00bb1570px\u00a0\u00bb custom_margin=\u00a0\u00bb|30px||29px|false|false\u00a0\u00bb custom_padding=\u00a0\u00bb5px||17px|0px|false|false\u00a0\u00bb locked=\u00a0\u00bboff\u00a0\u00bb][et_pb_column type=\u00a0\u00bb4_4&Prime; _builder_version=\u00a0\u00bb4.0.2&Prime;][et_pb_image src=\u00a0\u00bbhttps:\/\/stephaniemedieux.com\/wp-content\/uploads\/2021\/04\/8-eptites-voleuses.jpg\u00a0\u00bb align=\u00a0\u00bbcenter\u00a0\u00bb _builder_version=\u00a0\u00bb4.0.2&Prime; max_width=\u00a0\u00bb60.2%\u00a0\u00bb custom_margin=\u00a0\u00bb-15px||13px|||\u00a0\u00bb custom_padding=\u00a0\u00bb|2px||0px||\u00a0\u00bb hover_enabled=\u00a0\u00bb0&Prime; show_in_lightbox=\u00a0\u00bbon\u00a0\u00bb][\/et_pb_image][et_pb_text _builder_version=\u00a0\u00bb4.0.2&Prime; text_font=\u00a0\u00bbArchivo||||||||\u00a0\u00bb text_text_color=\u00a0\u00bbrgba(0,142,150,0.87)\u00a0\u00bb text_font_size=\u00a0\u00bb20px\u00a0\u00bb custom_margin=\u00a0\u00bb||18px|72px||\u00a0\u00bb]8 petites voleuses[\/et_pb_text][et_pb_text _builder_version=\u00a0\u00bb4.0.2&Prime; text_font=\u00a0\u00bbArchivo||||||||\u00a0\u00bb custom_margin=\u00a0\u00bb-11px|||76px|false|false\u00a0\u00bb]Format 29 x 56 cm (1 cm de blanc tournant)<br \/>\nPrix : 29 \u20ac + frais d&rsquo;envoi[\/et_pb_text][\/et_pb_column][\/et_pb_row][\/et_pb_section]<\/p>\n","protected":false},"excerpt":{"rendered":"<p>Pr\u00e9sentation des affiches \u00e9dit\u00e9es \u00e0 partir des tableaux de St\u00e9phanie M\u00e9dieux<\/p>\n","protected":false},"author":1,"featured_media":1017,"parent":0,"menu_order":0,"comment_status":"closed","ping_status":"closed","template":"","meta":{"_et_pb_use_builder":"on","_et_pb_old_content":"","_et_gb_content_width":"","footnotes":""},"class_list":["post-1018","page","type-page","status-publish","has-post-thumbnail","hentry"],"yoast_head":"<!-- This site is optimized with the Yoast SEO plugin v22.6 - https:\/\/yoast.com\/wordpress\/plugins\/seo\/ -->\n<title>Affiches - St\u00e9phanie M\u00e9dieux<\/title>\n<meta name=\"robots\" content=\"index, follow, max-snippet:-1, max-image-preview:large, max-video-preview:-1\" \/>\n<link rel=\"canonical\" href=\"https:\/\/stephaniemedieux.com\/index.php\/affiches\/\" \/>\n<meta property=\"og:locale\" content=\"fr_FR\" \/>\n<meta property=\"og:type\" content=\"article\" \/>\n<meta property=\"og:title\" content=\"Affiches - St\u00e9phanie M\u00e9dieux\" \/>\n<meta property=\"og:description\" content=\"Pr\u00e9sentation des affiches \u00e9dit\u00e9es \u00e0 partir des tableaux de St\u00e9phanie M\u00e9dieux\" \/>\n<meta property=\"og:url\" content=\"https:\/\/stephaniemedieux.com\/index.php\/affiches\/\" \/>\n<meta property=\"og:site_name\" content=\"St\u00e9phanie M\u00e9dieux\" \/>\n<meta property=\"article:publisher\" content=\"https:\/\/www.facebook.com\/stephaniemedieux\" \/>\n<meta property=\"article:modified_time\" content=\"2021-11-06T22:47:26+00:00\" \/>\n<meta property=\"og:image\" content=\"https:\/\/stephaniemedieux.com\/wp-content\/uploads\/2019\/11\/Europeanos-extrait.jpg\" \/>\n\t<meta property=\"og:image:width\" content=\"1082\" \/>\n\t<meta property=\"og:image:height\" content=\"1088\" \/>\n\t<meta property=\"og:image:type\" content=\"image\/jpeg\" \/>\n<meta name=\"twitter:card\" content=\"summary_large_image\" \/>\n<meta name=\"twitter:label1\" content=\"Dur\u00e9e de lecture estim\u00e9e\" \/>\n\t<meta name=\"twitter:data1\" content=\"9 minutes\" \/>\n<script type=\"application\/ld+json\" class=\"yoast-schema-graph\">{\"@context\":\"https:\/\/schema.org\",\"@graph\":[{\"@type\":\"WebPage\",\"@id\":\"https:\/\/stephaniemedieux.com\/index.php\/affiches\/\",\"url\":\"https:\/\/stephaniemedieux.com\/index.php\/affiches\/\",\"name\":\"Affiches - St\u00e9phanie M\u00e9dieux\",\"isPartOf\":{\"@id\":\"https:\/\/stephaniemedieux.com\/#website\"},\"primaryImageOfPage\":{\"@id\":\"https:\/\/stephaniemedieux.com\/index.php\/affiches\/#primaryimage\"},\"image\":{\"@id\":\"https:\/\/stephaniemedieux.com\/index.php\/affiches\/#primaryimage\"},\"thumbnailUrl\":\"https:\/\/stephaniemedieux.com\/wp-content\/uploads\/2019\/11\/Europeanos-extrait.jpg\",\"datePublished\":\"2019-11-11T18:20:33+00:00\",\"dateModified\":\"2021-11-06T22:47:26+00:00\",\"breadcrumb\":{\"@id\":\"https:\/\/stephaniemedieux.com\/index.php\/affiches\/#breadcrumb\"},\"inLanguage\":\"fr-FR\",\"potentialAction\":[{\"@type\":\"ReadAction\",\"target\":[\"https:\/\/stephaniemedieux.com\/index.php\/affiches\/\"]}]},{\"@type\":\"ImageObject\",\"inLanguage\":\"fr-FR\",\"@id\":\"https:\/\/stephaniemedieux.com\/index.php\/affiches\/#primaryimage\",\"url\":\"https:\/\/stephaniemedieux.com\/wp-content\/uploads\/2019\/11\/Europeanos-extrait.jpg\",\"contentUrl\":\"https:\/\/stephaniemedieux.com\/wp-content\/uploads\/2019\/11\/Europeanos-extrait.jpg\",\"width\":1082,\"height\":1088},{\"@type\":\"BreadcrumbList\",\"@id\":\"https:\/\/stephaniemedieux.com\/index.php\/affiches\/#breadcrumb\",\"itemListElement\":[{\"@type\":\"ListItem\",\"position\":1,\"name\":\"Accueil\",\"item\":\"https:\/\/stephaniemedieux.com\/\"},{\"@type\":\"ListItem\",\"position\":2,\"name\":\"Affiches\"}]},{\"@type\":\"WebSite\",\"@id\":\"https:\/\/stephaniemedieux.com\/#website\",\"url\":\"https:\/\/stephaniemedieux.com\/\",\"name\":\"St\u00e9phanie M\u00e9dieux\",\"description\":\"R\u00e9inventons votre int\u00e9rieur ! D\u00e9co et Home-Staging\",\"publisher\":{\"@id\":\"https:\/\/stephaniemedieux.com\/#\/schema\/person\/cd8ef2f54353e8fe33f78aa572418d1f\"},\"potentialAction\":[{\"@type\":\"SearchAction\",\"target\":{\"@type\":\"EntryPoint\",\"urlTemplate\":\"https:\/\/stephaniemedieux.com\/?s={search_term_string}\"},\"query-input\":\"required name=search_term_string\"}],\"inLanguage\":\"fr-FR\"},{\"@type\":[\"Person\",\"Organization\"],\"@id\":\"https:\/\/stephaniemedieux.com\/#\/schema\/person\/cd8ef2f54353e8fe33f78aa572418d1f\",\"name\":\"St\u00e9phanie M\u00e9dieux\",\"image\":{\"@type\":\"ImageObject\",\"inLanguage\":\"fr-FR\",\"@id\":\"https:\/\/stephaniemedieux.com\/#\/schema\/person\/image\/\",\"url\":\"https:\/\/stephaniemedieux.com\/wp-content\/uploads\/2024\/02\/Moi-NetB.jpg\",\"contentUrl\":\"https:\/\/stephaniemedieux.com\/wp-content\/uploads\/2024\/02\/Moi-NetB.jpg\",\"width\":362,\"height\":619,\"caption\":\"St\u00e9phanie M\u00e9dieux\"},\"logo\":{\"@id\":\"https:\/\/stephaniemedieux.com\/#\/schema\/person\/image\/\"},\"description\":\"St\u00e9phanie M\u00e9dieux, artiste peintre, vit et travaille dans le Sud Ouest. Ses tableaux sont riches en couleurs et en d\u00e9calages qui restituent un imperceptible mouvement. Ils sont \u00e9galement marqu\u00e9s par la tauromachie qui a souvent inspir\u00e9 ses toiles.\",\"sameAs\":[\"https:\/\/stephaniemedieux.com\/\",\"https:\/\/www.facebook.com\/stephaniemedieux\",\"https:\/\/www.instagram.com\/stephaniemedieux\/\",\"https:\/\/www.linkedin.com\/in\/stphanie-medieux\/\"]}]}<\/script>\n<!-- \/ Yoast SEO plugin. -->","yoast_head_json":{"title":"Affiches - St\u00e9phanie M\u00e9dieux","robots":{"index":"index","follow":"follow","max-snippet":"max-snippet:-1","max-image-preview":"max-image-preview:large","max-video-preview":"max-video-preview:-1"},"canonical":"https:\/\/stephaniemedieux.com\/index.php\/affiches\/","og_locale":"fr_FR","og_type":"article","og_title":"Affiches - St\u00e9phanie M\u00e9dieux","og_description":"Pr\u00e9sentation des affiches \u00e9dit\u00e9es \u00e0 partir des tableaux de St\u00e9phanie M\u00e9dieux","og_url":"https:\/\/stephaniemedieux.com\/index.php\/affiches\/","og_site_name":"St\u00e9phanie M\u00e9dieux","article_publisher":"https:\/\/www.facebook.com\/stephaniemedieux","article_modified_time":"2021-11-06T22:47:26+00:00","og_image":[{"width":1082,"height":1088,"url":"https:\/\/stephaniemedieux.com\/wp-content\/uploads\/2019\/11\/Europeanos-extrait.jpg","type":"image\/jpeg"}],"twitter_card":"summary_large_image","twitter_misc":{"Dur\u00e9e de lecture estim\u00e9e":"9 minutes"},"schema":{"@context":"https:\/\/schema.org","@graph":[{"@type":"WebPage","@id":"https:\/\/stephaniemedieux.com\/index.php\/affiches\/","url":"https:\/\/stephaniemedieux.com\/index.php\/affiches\/","name":"Affiches - St\u00e9phanie M\u00e9dieux","isPartOf":{"@id":"https:\/\/stephaniemedieux.com\/#website"},"primaryImageOfPage":{"@id":"https:\/\/stephaniemedieux.com\/index.php\/affiches\/#primaryimage"},"image":{"@id":"https:\/\/stephaniemedieux.com\/index.php\/affiches\/#primaryimage"},"thumbnailUrl":"https:\/\/stephaniemedieux.com\/wp-content\/uploads\/2019\/11\/Europeanos-extrait.jpg","datePublished":"2019-11-11T18:20:33+00:00","dateModified":"2021-11-06T22:47:26+00:00","breadcrumb":{"@id":"https:\/\/stephaniemedieux.com\/index.php\/affiches\/#breadcrumb"},"inLanguage":"fr-FR","potentialAction":[{"@type":"ReadAction","target":["https:\/\/stephaniemedieux.com\/index.php\/affiches\/"]}]},{"@type":"ImageObject","inLanguage":"fr-FR","@id":"https:\/\/stephaniemedieux.com\/index.php\/affiches\/#primaryimage","url":"https:\/\/stephaniemedieux.com\/wp-content\/uploads\/2019\/11\/Europeanos-extrait.jpg","contentUrl":"https:\/\/stephaniemedieux.com\/wp-content\/uploads\/2019\/11\/Europeanos-extrait.jpg","width":1082,"height":1088},{"@type":"BreadcrumbList","@id":"https:\/\/stephaniemedieux.com\/index.php\/affiches\/#breadcrumb","itemListElement":[{"@type":"ListItem","position":1,"name":"Accueil","item":"https:\/\/stephaniemedieux.com\/"},{"@type":"ListItem","position":2,"name":"Affiches"}]},{"@type":"WebSite","@id":"https:\/\/stephaniemedieux.com\/#website","url":"https:\/\/stephaniemedieux.com\/","name":"St\u00e9phanie M\u00e9dieux","description":"R\u00e9inventons votre int\u00e9rieur ! D\u00e9co et Home-Staging","publisher":{"@id":"https:\/\/stephaniemedieux.com\/#\/schema\/person\/cd8ef2f54353e8fe33f78aa572418d1f"},"potentialAction":[{"@type":"SearchAction","target":{"@type":"EntryPoint","urlTemplate":"https:\/\/stephaniemedieux.com\/?s={search_term_string}"},"query-input":"required name=search_term_string"}],"inLanguage":"fr-FR"},{"@type":["Person","Organization"],"@id":"https:\/\/stephaniemedieux.com\/#\/schema\/person\/cd8ef2f54353e8fe33f78aa572418d1f","name":"St\u00e9phanie M\u00e9dieux","image":{"@type":"ImageObject","inLanguage":"fr-FR","@id":"https:\/\/stephaniemedieux.com\/#\/schema\/person\/image\/","url":"https:\/\/stephaniemedieux.com\/wp-content\/uploads\/2024\/02\/Moi-NetB.jpg","contentUrl":"https:\/\/stephaniemedieux.com\/wp-content\/uploads\/2024\/02\/Moi-NetB.jpg","width":362,"height":619,"caption":"St\u00e9phanie M\u00e9dieux"},"logo":{"@id":"https:\/\/stephaniemedieux.com\/#\/schema\/person\/image\/"},"description":"St\u00e9phanie M\u00e9dieux, artiste peintre, vit et travaille dans le Sud Ouest. Ses tableaux sont riches en couleurs et en d\u00e9calages qui restituent un imperceptible mouvement. Ils sont \u00e9galement marqu\u00e9s par la tauromachie qui a souvent inspir\u00e9 ses toiles.","sameAs":["https:\/\/stephaniemedieux.com\/","https:\/\/www.facebook.com\/stephaniemedieux","https:\/\/www.instagram.com\/stephaniemedieux\/","https:\/\/www.linkedin.com\/in\/stphanie-medieux\/"]}]}},"_links":{"self":[{"href":"https:\/\/stephaniemedieux.com\/index.php\/wp-json\/wp\/v2\/pages\/1018","targetHints":{"allow":["GET"]}}],"collection":[{"href":"https:\/\/stephaniemedieux.com\/index.php\/wp-json\/wp\/v2\/pages"}],"about":[{"href":"https:\/\/stephaniemedieux.com\/index.php\/wp-json\/wp\/v2\/types\/page"}],"author":[{"embeddable":true,"href":"https:\/\/stephaniemedieux.com\/index.php\/wp-json\/wp\/v2\/users\/1"}],"replies":[{"embeddable":true,"href":"https:\/\/stephaniemedieux.com\/index.php\/wp-json\/wp\/v2\/comments?post=1018"}],"version-history":[{"count":16,"href":"https:\/\/stephaniemedieux.com\/index.php\/wp-json\/wp\/v2\/pages\/1018\/revisions"}],"predecessor-version":[{"id":5341,"href":"https:\/\/stephaniemedieux.com\/index.php\/wp-json\/wp\/v2\/pages\/1018\/revisions\/5341"}],"wp:featuredmedia":[{"embeddable":true,"href":"https:\/\/stephaniemedieux.com\/index.php\/wp-json\/wp\/v2\/media\/1017"}],"wp:attachment":[{"href":"https:\/\/stephaniemedieux.com\/index.php\/wp-json\/wp\/v2\/media?parent=1018"}],"curies":[{"name":"wp","href":"https:\/\/api.w.org\/{rel}","templated":true}]}}